{"id":10922,"date":"2020-04-23T14:23:34","date_gmt":"2020-04-23T12:23:34","guid":{"rendered":"https:\/\/www.annamardo.de\/?page_id=10922"},"modified":"2026-01-14T15:50:03","modified_gmt":"2026-01-14T14:50:03","slug":"newsletter","status":"publish","type":"page","link":"https:\/\/www.annamardo.de\/en\/mentoring-hochzeitsfotografie\/newsletter\/","title":{"rendered":"Newsletter f\u00fcr Fotografen"},"content":{"rendered":"<h2>Danke f\u00fcr deine Anmeldung zum Newsletter f\u00fcr Fotografen!<\/h2>\n<p>Deine Anmeldung zum Newsletter f\u00fcr Fotografen ist jetzt best\u00e4tigt. St\u00f6bere in der Zwischenzeit gerne auf meinem Blog oder werfe einen Blick auf meine <a href=\"https:\/\/www.annamardo.de\/mentoring-hochzeitsfotografie\/\" target=\"_blank\" rel=\"noopener noreferrer\">Mentoring Programme<\/a>.<\/p>\n","protected":false},"excerpt":{"rendered":"<p>Danke f\u00fcr deine Anmeldung zum Newsletter f\u00fcr Fotografen! Deine Anmeldung zum Newsletter f\u00fcr Fotografen ist jetzt best\u00e4tigt. St\u00f6bere in der Zwischenzeit gerne auf meinem Blog oder werfe einen Blick auf meine Mentoring Programme.<\/p>\n","protected":false},"author":1,"featured_media":0,"parent":10854,"menu_order":0,"comment_status":"closed","ping_status":"closed","template":"","meta":{"_kadence_starter_templates_imported_post":false,"_kad_post_transparent":"","_kad_post_title":"","_kad_post_layout":"","_kad_post_sidebar_id":"","_kad_post_content_style":"","_kad_post_vertical_padding":"","_kad_post_feature":"","_kad_post_feature_position":"","_kad_post_header":false,"_kad_post_footer":false,"_kad_post_classname":"","footnotes":""},"class_list":["post-10922","page","type-page","status-publish","hentry"],"yoast_head":"<!-- This site is optimized with the Yoast SEO plugin v27.5 - https:\/\/yoast.com\/product\/yoast-seo-wordpress\/ -->\n<title>Newsletter f\u00fcr Fotografen - Weiterbildung &amp; Coaching<\/title>\n<meta name=\"description\" content=\"Danke, dass du meinen Newsletter f\u00fcr Fotografen abonniert hast! Deinem Traum Schritt f\u00fcr Schritt n\u00e4her!\" \/>\n<meta name=\"robots\" content=\"index, follow, max-snippet:-1, max-image-preview:large, max-video-preview:-1\" \/>\n<link rel=\"canonical\" href=\"https:\/\/www.annamardo.de\/mentoring-hochzeitsfotografie\/newsletter\/\" \/>\n<meta property=\"og:locale\" content=\"en_US\" \/>\n<meta property=\"og:type\" content=\"article\" \/>\n<meta property=\"og:title\" content=\"Newsletter f\u00fcr Fotografen - Weiterbildung &amp; Coaching\" \/>\n<meta property=\"og:description\" content=\"Danke, dass du meinen Newsletter f\u00fcr Fotografen abonniert hast! Deinem Traum Schritt f\u00fcr Schritt n\u00e4her!\" \/>\n<meta property=\"og:url\" content=\"https:\/\/www.annamardo.de\/mentoring-hochzeitsfotografie\/newsletter\/\" \/>\n<meta property=\"og:site_name\" content=\"Anna Mardo Hochzeitsfotografie\" \/>\n<meta property=\"article:publisher\" content=\"https:\/\/www.facebook.com\/AnnaMardoHochzeitsfotografie\/\" \/>\n<meta property=\"article:modified_time\" content=\"2026-01-14T14:50:03+00:00\" \/>\n<meta name=\"twitter:card\" content=\"summary_large_image\" \/>\n<meta name=\"twitter:label1\" content=\"Est. reading time\" \/>\n\t<meta name=\"twitter:data1\" content=\"1 minute\" \/>\n<script type=\"application\/ld+json\" class=\"yoast-schema-graph\">{\"@context\":\"https:\\\/\\\/schema.org\",\"@graph\":[{\"@type\":\"WebPage\",\"@id\":\"https:\\\/\\\/www.annamardo.de\\\/mentoring-hochzeitsfotografie\\\/newsletter\\\/\",\"url\":\"https:\\\/\\\/www.annamardo.de\\\/mentoring-hochzeitsfotografie\\\/newsletter\\\/\",\"name\":\"Newsletter f\u00fcr Fotografen - Weiterbildung & Coaching\",\"isPartOf\":{\"@id\":\"https:\\\/\\\/www.annamardo.de\\\/#website\"},\"datePublished\":\"2020-04-23T12:23:34+00:00\",\"dateModified\":\"2026-01-14T14:50:03+00:00\",\"description\":\"Danke, dass du meinen Newsletter f\u00fcr Fotografen abonniert hast! Deinem Traum Schritt f\u00fcr Schritt n\u00e4her!\",\"breadcrumb\":{\"@id\":\"https:\\\/\\\/www.annamardo.de\\\/mentoring-hochzeitsfotografie\\\/newsletter\\\/#breadcrumb\"},\"inLanguage\":\"en-US\",\"potentialAction\":[{\"@type\":\"ReadAction\",\"target\":[\"https:\\\/\\\/www.annamardo.de\\\/mentoring-hochzeitsfotografie\\\/newsletter\\\/\"]}]},{\"@type\":\"BreadcrumbList\",\"@id\":\"https:\\\/\\\/www.annamardo.de\\\/mentoring-hochzeitsfotografie\\\/newsletter\\\/#breadcrumb\",\"itemListElement\":[{\"@type\":\"ListItem\",\"position\":1,\"name\":\"Startseite\",\"item\":\"https:\\\/\\\/www.annamardo.de\\\/en\\\/\"},{\"@type\":\"ListItem\",\"position\":2,\"name\":\"Mentoring f\u00fcr Fotografen\",\"item\":\"https:\\\/\\\/www.annamardo.de\\\/mentoring-hochzeitsfotografie\\\/\"},{\"@type\":\"ListItem\",\"position\":3,\"name\":\"Newsletter f\u00fcr Fotografen\"}]},{\"@type\":\"WebSite\",\"@id\":\"https:\\\/\\\/www.annamardo.de\\\/#website\",\"url\":\"https:\\\/\\\/www.annamardo.de\\\/\",\"name\":\"Anna Mardo Hochzeitsfotografie\",\"description\":\"Berghochzeiten &amp; Hochzeiten im Oberland\",\"publisher\":{\"@id\":\"https:\\\/\\\/www.annamardo.de\\\/#organization\"},\"potentialAction\":[{\"@type\":\"SearchAction\",\"target\":{\"@type\":\"EntryPoint\",\"urlTemplate\":\"https:\\\/\\\/www.annamardo.de\\\/?s={search_term_string}\"},\"query-input\":{\"@type\":\"PropertyValueSpecification\",\"valueRequired\":true,\"valueName\":\"search_term_string\"}}],\"inLanguage\":\"en-US\"},{\"@type\":\"Organization\",\"@id\":\"https:\\\/\\\/www.annamardo.de\\\/#organization\",\"name\":\"Anna Mardo Hochzeitsfotografie\",\"url\":\"https:\\\/\\\/www.annamardo.de\\\/\",\"logo\":{\"@type\":\"ImageObject\",\"inLanguage\":\"en-US\",\"@id\":\"https:\\\/\\\/www.annamardo.de\\\/#\\\/schema\\\/logo\\\/image\\\/\",\"url\":\"https:\\\/\\\/www.annamardo.de\\\/wp-content\\\/uploads\\\/2021\\\/12\\\/Logo_Anna_Mardo_berghochzeiten.png\",\"contentUrl\":\"https:\\\/\\\/www.annamardo.de\\\/wp-content\\\/uploads\\\/2021\\\/12\\\/Logo_Anna_Mardo_berghochzeiten.png\",\"width\":1000,\"height\":655,\"caption\":\"Anna Mardo Hochzeitsfotografie\"},\"image\":{\"@id\":\"https:\\\/\\\/www.annamardo.de\\\/#\\\/schema\\\/logo\\\/image\\\/\"},\"sameAs\":[\"https:\\\/\\\/www.facebook.com\\\/AnnaMardoHochzeitsfotografie\\\/\",\"https:\\\/\\\/www.instagram.com\\\/annamardo\\\/\"]}]}<\/script>\n<!-- \/ Yoast SEO plugin. -->","yoast_head_json":{"title":"Newsletter f\u00fcr Fotografen - Weiterbildung & Coaching","description":"Danke, dass du meinen Newsletter f\u00fcr Fotografen abonniert hast! Deinem Traum Schritt f\u00fcr Schritt n\u00e4her!","robots":{"index":"index","follow":"follow","max-snippet":"max-snippet:-1","max-image-preview":"max-image-preview:large","max-video-preview":"max-video-preview:-1"},"canonical":"https:\/\/www.annamardo.de\/mentoring-hochzeitsfotografie\/newsletter\/","og_locale":"en_US","og_type":"article","og_title":"Newsletter f\u00fcr Fotografen - Weiterbildung & Coaching","og_description":"Danke, dass du meinen Newsletter f\u00fcr Fotografen abonniert hast! Deinem Traum Schritt f\u00fcr Schritt n\u00e4her!","og_url":"https:\/\/www.annamardo.de\/mentoring-hochzeitsfotografie\/newsletter\/","og_site_name":"Anna Mardo Hochzeitsfotografie","article_publisher":"https:\/\/www.facebook.com\/AnnaMardoHochzeitsfotografie\/","article_modified_time":"2026-01-14T14:50:03+00:00","twitter_card":"summary_large_image","twitter_misc":{"Est. reading time":"1 minute"},"schema":{"@context":"https:\/\/schema.org","@graph":[{"@type":"WebPage","@id":"https:\/\/www.annamardo.de\/mentoring-hochzeitsfotografie\/newsletter\/","url":"https:\/\/www.annamardo.de\/mentoring-hochzeitsfotografie\/newsletter\/","name":"Newsletter f\u00fcr Fotografen - Weiterbildung & Coaching","isPartOf":{"@id":"https:\/\/www.annamardo.de\/#website"},"datePublished":"2020-04-23T12:23:34+00:00","dateModified":"2026-01-14T14:50:03+00:00","description":"Danke, dass du meinen Newsletter f\u00fcr Fotografen abonniert hast! Deinem Traum Schritt f\u00fcr Schritt n\u00e4her!","breadcrumb":{"@id":"https:\/\/www.annamardo.de\/mentoring-hochzeitsfotografie\/newsletter\/#breadcrumb"},"inLanguage":"en-US","potentialAction":[{"@type":"ReadAction","target":["https:\/\/www.annamardo.de\/mentoring-hochzeitsfotografie\/newsletter\/"]}]},{"@type":"BreadcrumbList","@id":"https:\/\/www.annamardo.de\/mentoring-hochzeitsfotografie\/newsletter\/#breadcrumb","itemListElement":[{"@type":"ListItem","position":1,"name":"Startseite","item":"https:\/\/www.annamardo.de\/en\/"},{"@type":"ListItem","position":2,"name":"Mentoring f\u00fcr Fotografen","item":"https:\/\/www.annamardo.de\/mentoring-hochzeitsfotografie\/"},{"@type":"ListItem","position":3,"name":"Newsletter f\u00fcr Fotografen"}]},{"@type":"WebSite","@id":"https:\/\/www.annamardo.de\/#website","url":"https:\/\/www.annamardo.de\/","name":"Anna Mardo Hochzeitsfotografie","description":"Berghochzeiten &amp; Hochzeiten im Oberland","publisher":{"@id":"https:\/\/www.annamardo.de\/#organization"},"potentialAction":[{"@type":"SearchAction","target":{"@type":"EntryPoint","urlTemplate":"https:\/\/www.annamardo.de\/?s={search_term_string}"},"query-input":{"@type":"PropertyValueSpecification","valueRequired":true,"valueName":"search_term_string"}}],"inLanguage":"en-US"},{"@type":"Organization","@id":"https:\/\/www.annamardo.de\/#organization","name":"Anna Mardo Hochzeitsfotografie","url":"https:\/\/www.annamardo.de\/","logo":{"@type":"ImageObject","inLanguage":"en-US","@id":"https:\/\/www.annamardo.de\/#\/schema\/logo\/image\/","url":"https:\/\/www.annamardo.de\/wp-content\/uploads\/2021\/12\/Logo_Anna_Mardo_berghochzeiten.png","contentUrl":"https:\/\/www.annamardo.de\/wp-content\/uploads\/2021\/12\/Logo_Anna_Mardo_berghochzeiten.png","width":1000,"height":655,"caption":"Anna Mardo Hochzeitsfotografie"},"image":{"@id":"https:\/\/www.annamardo.de\/#\/schema\/logo\/image\/"},"sameAs":["https:\/\/www.facebook.com\/AnnaMardoHochzeitsfotografie\/","https:\/\/www.instagram.com\/annamardo\/"]}]}},"_links":{"self":[{"href":"https:\/\/www.annamardo.de\/en\/wp-json\/wp\/v2\/pages\/10922","targetHints":{"allow":["GET"]}}],"collection":[{"href":"https:\/\/www.annamardo.de\/en\/wp-json\/wp\/v2\/pages"}],"about":[{"href":"https:\/\/www.annamardo.de\/en\/wp-json\/wp\/v2\/types\/page"}],"author":[{"embeddable":true,"href":"https:\/\/www.annamardo.de\/en\/wp-json\/wp\/v2\/users\/1"}],"replies":[{"embeddable":true,"href":"https:\/\/www.annamardo.de\/en\/wp-json\/wp\/v2\/comments?post=10922"}],"version-history":[{"count":9,"href":"https:\/\/www.annamardo.de\/en\/wp-json\/wp\/v2\/pages\/10922\/revisions"}],"predecessor-version":[{"id":25462,"href":"https:\/\/www.annamardo.de\/en\/wp-json\/wp\/v2\/pages\/10922\/revisions\/25462"}],"up":[{"embeddable":true,"href":"https:\/\/www.annamardo.de\/en\/wp-json\/wp\/v2\/pages\/10854"}],"wp:attachment":[{"href":"https:\/\/www.annamardo.de\/en\/wp-json\/wp\/v2\/media?parent=10922"}],"curies":[{"name":"wp","href":"https:\/\/api.w.org\/{rel}","templated":true}]}}